{"id":3191,"date":"2024-09-23T11:32:22","date_gmt":"2024-09-23T09:32:22","guid":{"rendered":"https:\/\/mauderli.ch\/notizie\/"},"modified":"2024-11-25T19:51:32","modified_gmt":"2024-11-25T18:51:32","slug":"notizie","status":"publish","type":"page","link":"https:\/\/mauderli.ch\/it\/notizie\/","title":{"rendered":"Notizie"},"content":{"rendered":"<div class=\"gb-container gb-container-bf88a1d2 alignfull\">\n<div class=\"gb-container gb-container-8c780689\">\n\n<h1 class=\"gb-headline gb-headline-b994ba93 gb-headline-text\">Notizie da MAUDERLI<\/h1>\n\n\n\n<div class=\"gb-grid-wrapper gb-grid-wrapper-b7cb83a1 gb-query-loop-wrapper\">\n<div class=\"gb-grid-column gb-grid-column-3728e43a gb-query-loop-item post-4477 post type-post status-publish format-standard has-post-thumbnail hentry category-notizie\"><div class=\"gb-container gb-container-3728e43a\">\n<figure class=\"border__radius__15 feat__image__blog__grid wp-block-post-featured-image\"><a href=\"https:\/\/mauderli.ch\/it\/vincitore-del-premio-tedesco-per-linnovazione\/\" target=\"_self\"  ><img decoding=\"async\" width=\"2560\" height=\"1904\" src=\"https:\/\/mauderli.ch\/wp-content\/uploads\/2025\/05\/Mauderli_GIA_Logo-scaled.jpg\" class=\"attachment-post-thumbnail size-post-thumbnail wp-post-image\" alt=\"Vincitore del German Innovation Award\" style=\"object-fit:cover;\" srcset=\"https:\/\/mauderli.ch\/wp-content\/uploads\/2025\/05\/Mauderli_GIA_Logo-scaled.jpg 2560w, https:\/\/mauderli.ch\/wp-content\/uploads\/2025\/05\/Mauderli_GIA_Logo-300x223.jpg 300w, https:\/\/mauderli.ch\/wp-content\/uploads\/2025\/05\/Mauderli_GIA_Logo-1024x762.jpg 1024w, https:\/\/mauderli.ch\/wp-content\/uploads\/2025\/05\/Mauderli_GIA_Logo-768x571.jpg 768w, https:\/\/mauderli.ch\/wp-content\/uploads\/2025\/05\/Mauderli_GIA_Logo-1536x1142.jpg 1536w, https:\/\/mauderli.ch\/wp-content\/uploads\/2025\/05\/Mauderli_GIA_Logo-2048x1523.jpg 2048w\" sizes=\"(max-width: 2560px) 100vw, 2560px\" \/><\/a><\/figure>\n\n<h3 style=\"font-size:20px;\" class=\"adjust__title post_title wp-block-post-title\"><a href=\"https:\/\/mauderli.ch\/it\/vincitore-del-premio-tedesco-per-linnovazione\/\" target=\"_self\" >Vincitore del German Innovation Award<\/a><\/h3>\n\n<div style=\"font-size:20px;\" class=\"make__it__button wp-block-post-excerpt\"><p class=\"wp-block-post-excerpt__excerpt\">L&#8217;innovazione \u00e8 pi\u00f9 di una semplice parola d&#8217;ordine: \u00e8 la chiave per risolvere le sfide del nostro tempo. Il Premio tedesco per&hellip;<\/p><p class=\"wp-block-post-excerpt__more-text\"><a class=\"wp-block-post-excerpt__more-link\" href=\"https:\/\/mauderli.ch\/it\/vincitore-del-premio-tedesco-per-linnovazione\/\">Per saperne di pi\u00f9<\/a><\/p><\/div>\n<\/div><\/div>\n\n<div class=\"gb-grid-column gb-grid-column-3728e43a gb-query-loop-item post-3847 post type-post status-publish format-standard has-post-thumbnail hentry category-notizie\"><div class=\"gb-container gb-container-3728e43a\">\n<figure class=\"border__radius__15 feat__image__blog__grid wp-block-post-featured-image\"><a href=\"https:\/\/mauderli.ch\/it\/grande-risposta-della-stampa-ai-componenti-di-cfap\/\" target=\"_self\"  ><img decoding=\"async\" width=\"2124\" height=\"1580\" src=\"https:\/\/mauderli.ch\/wp-content\/uploads\/2024\/11\/Mauderli_Logo_News_03_241125_Schatten.jpg\" class=\"attachment-post-thumbnail size-post-thumbnail wp-post-image\" alt=\"Grande risposta della stampa ai componenti di CFAP\" style=\"object-fit:cover;\" srcset=\"https:\/\/mauderli.ch\/wp-content\/uploads\/2024\/11\/Mauderli_Logo_News_03_241125_Schatten.jpg 2124w, https:\/\/mauderli.ch\/wp-content\/uploads\/2024\/11\/Mauderli_Logo_News_03_241125_Schatten-300x223.jpg 300w, https:\/\/mauderli.ch\/wp-content\/uploads\/2024\/11\/Mauderli_Logo_News_03_241125_Schatten-1024x762.jpg 1024w, https:\/\/mauderli.ch\/wp-content\/uploads\/2024\/11\/Mauderli_Logo_News_03_241125_Schatten-768x571.jpg 768w, https:\/\/mauderli.ch\/wp-content\/uploads\/2024\/11\/Mauderli_Logo_News_03_241125_Schatten-1536x1143.jpg 1536w, https:\/\/mauderli.ch\/wp-content\/uploads\/2024\/11\/Mauderli_Logo_News_03_241125_Schatten-2048x1523.jpg 2048w\" sizes=\"(max-width: 2124px) 100vw, 2124px\" \/><\/a><\/figure>\n\n<h3 style=\"font-size:20px;\" class=\"adjust__title post_title wp-block-post-title\"><a href=\"https:\/\/mauderli.ch\/it\/grande-risposta-della-stampa-ai-componenti-di-cfap\/\" target=\"_self\" >Grande risposta della stampa ai componenti di CFAP<\/a><\/h3>\n\n<div style=\"font-size:20px;\" class=\"make__it__button wp-block-post-excerpt\"><p class=\"wp-block-post-excerpt__excerpt\">In occasione della vittoria del Premio Innovazione 2024 della Camera di Commercio e Industria della Svizzera Centrale (IHZ), sono stati pubblicati numerosi&hellip;<\/p><p class=\"wp-block-post-excerpt__more-text\"><a class=\"wp-block-post-excerpt__more-link\" href=\"https:\/\/mauderli.ch\/it\/grande-risposta-della-stampa-ai-componenti-di-cfap\/\">Per saperne di pi\u00f9<\/a><\/p><\/div>\n<\/div><\/div>\n\n<div class=\"gb-grid-column gb-grid-column-3728e43a gb-query-loop-item post-3030 post type-post status-publish format-standard has-post-thumbnail hentry category-notizie\"><div class=\"gb-container gb-container-3728e43a\">\n<figure class=\"border__radius__15 feat__image__blog__grid wp-block-post-featured-image\"><a href=\"https:\/\/mauderli.ch\/it\/premio-per-linnovazione-ihz-2024-vinto\/\" target=\"_self\"  ><img decoding=\"async\" width=\"2560\" height=\"1707\" src=\"https:\/\/mauderli.ch\/wp-content\/uploads\/2024\/11\/Bild_1-1-scaled.jpg\" class=\"attachment-post-thumbnail size-post-thumbnail wp-post-image\" alt=\"Premio per l&#8217;innovazione IHZ 2024 vinto\" style=\"object-fit:cover;\" srcset=\"https:\/\/mauderli.ch\/wp-content\/uploads\/2024\/11\/Bild_1-1-scaled.jpg 2560w, https:\/\/mauderli.ch\/wp-content\/uploads\/2024\/11\/Bild_1-1-300x200.jpg 300w, https:\/\/mauderli.ch\/wp-content\/uploads\/2024\/11\/Bild_1-1-1024x683.jpg 1024w, https:\/\/mauderli.ch\/wp-content\/uploads\/2024\/11\/Bild_1-1-768x512.jpg 768w, https:\/\/mauderli.ch\/wp-content\/uploads\/2024\/11\/Bild_1-1-1536x1024.jpg 1536w, https:\/\/mauderli.ch\/wp-content\/uploads\/2024\/11\/Bild_1-1-2048x1366.jpg 2048w\" sizes=\"(max-width: 2560px) 100vw, 2560px\" \/><\/a><\/figure>\n\n<h3 style=\"font-size:20px;\" class=\"adjust__title post_title wp-block-post-title\"><a href=\"https:\/\/mauderli.ch\/it\/premio-per-linnovazione-ihz-2024-vinto\/\" target=\"_self\" >Premio per l&#8217;innovazione IHZ 2024 vinto<\/a><\/h3>\n\n<div style=\"font-size:20px;\" class=\"make__it__button wp-block-post-excerpt\"><p class=\"wp-block-post-excerpt__excerpt\">MAUDERLI AG vince il Premio Innovazione 2024 della Camera di Commercio e Industria della Svizzera Centrale IHZ. Ogni anno l&#8217;IHZ premia i&hellip;<\/p><p class=\"wp-block-post-excerpt__more-text\"><a class=\"wp-block-post-excerpt__more-link\" href=\"https:\/\/mauderli.ch\/it\/premio-per-linnovazione-ihz-2024-vinto\/\">Per saperne di pi\u00f9<\/a><\/p><\/div>\n<\/div><\/div>\n\n<div class=\"gb-grid-column gb-grid-column-3728e43a gb-query-loop-item post-3037 post type-post status-publish format-standard has-post-thumbnail hentry category-notizie\"><div class=\"gb-container gb-container-3728e43a\">\n<figure class=\"border__radius__15 feat__image__blog__grid wp-block-post-featured-image\"><a href=\"https:\/\/mauderli.ch\/it\/ristrutturazione-di-stand-allaeroporto-di-zurigo\/\" target=\"_self\"  ><img decoding=\"async\" width=\"2560\" height=\"1707\" src=\"https:\/\/mauderli.ch\/wp-content\/uploads\/2024\/09\/Unknown-1-3-scaled.jpeg\" class=\"attachment-post-thumbnail size-post-thumbnail wp-post-image\" alt=\"Ristrutturazione di stand all&#8217;aeroporto di Zurigo\" style=\"object-fit:cover;\" srcset=\"https:\/\/mauderli.ch\/wp-content\/uploads\/2024\/09\/Unknown-1-3-scaled.jpeg 2560w, https:\/\/mauderli.ch\/wp-content\/uploads\/2024\/09\/Unknown-1-3-300x200.jpeg 300w, https:\/\/mauderli.ch\/wp-content\/uploads\/2024\/09\/Unknown-1-3-1024x683.jpeg 1024w, https:\/\/mauderli.ch\/wp-content\/uploads\/2024\/09\/Unknown-1-3-768x512.jpeg 768w, https:\/\/mauderli.ch\/wp-content\/uploads\/2024\/09\/Unknown-1-3-1536x1024.jpeg 1536w, https:\/\/mauderli.ch\/wp-content\/uploads\/2024\/09\/Unknown-1-3-2048x1366.jpeg 2048w\" sizes=\"(max-width: 2560px) 100vw, 2560px\" \/><\/a><\/figure>\n\n<h3 style=\"font-size:20px;\" class=\"adjust__title post_title wp-block-post-title\"><a href=\"https:\/\/mauderli.ch\/it\/ristrutturazione-di-stand-allaeroporto-di-zurigo\/\" target=\"_self\" >Ristrutturazione di stand all&#8217;aeroporto di Zurigo<\/a><\/h3>\n\n<div style=\"font-size:20px;\" class=\"make__it__button wp-block-post-excerpt\"><p class=\"wp-block-post-excerpt__excerpt\">Produzione di canali scanalati per impieghi gravosi con struttura antiscivolo. Le nuove tribune T50 e le aree di servizio dell&#8217;aeroporto di Zurigo&hellip;<\/p><p class=\"wp-block-post-excerpt__more-text\"><a class=\"wp-block-post-excerpt__more-link\" href=\"https:\/\/mauderli.ch\/it\/ristrutturazione-di-stand-allaeroporto-di-zurigo\/\">Per saperne di pi\u00f9<\/a><\/p><\/div>\n<\/div><\/div>\n\n<div class=\"gb-grid-column gb-grid-column-3728e43a gb-query-loop-item post-3024 post type-post status-publish format-standard has-post-thumbnail hentry category-notizie\"><div class=\"gb-container gb-container-3728e43a\">\n<figure class=\"border__radius__15 feat__image__blog__grid wp-block-post-featured-image\"><a href=\"https:\/\/mauderli.ch\/it\/galleria-di-base-del-brennero\/\" target=\"_self\"  ><img decoding=\"async\" width=\"2560\" height=\"1921\" src=\"https:\/\/mauderli.ch\/wp-content\/uploads\/2024\/09\/sRGB_2024-08-20-10_10_05-scaled.jpg\" class=\"attachment-post-thumbnail size-post-thumbnail wp-post-image\" alt=\"Galleria di base del Brennero\" style=\"object-fit:cover;\" srcset=\"https:\/\/mauderli.ch\/wp-content\/uploads\/2024\/09\/sRGB_2024-08-20-10_10_05-scaled.jpg 2560w, https:\/\/mauderli.ch\/wp-content\/uploads\/2024\/09\/sRGB_2024-08-20-10_10_05-300x225.jpg 300w, https:\/\/mauderli.ch\/wp-content\/uploads\/2024\/09\/sRGB_2024-08-20-10_10_05-1024x769.jpg 1024w, https:\/\/mauderli.ch\/wp-content\/uploads\/2024\/09\/sRGB_2024-08-20-10_10_05-768x576.jpg 768w, https:\/\/mauderli.ch\/wp-content\/uploads\/2024\/09\/sRGB_2024-08-20-10_10_05-1536x1153.jpg 1536w, https:\/\/mauderli.ch\/wp-content\/uploads\/2024\/09\/sRGB_2024-08-20-10_10_05-2048x1537.jpg 2048w\" sizes=\"(max-width: 2560px) 100vw, 2560px\" \/><\/a><\/figure>\n\n<h3 style=\"font-size:20px;\" class=\"adjust__title post_title wp-block-post-title\"><a href=\"https:\/\/mauderli.ch\/it\/galleria-di-base-del-brennero\/\" target=\"_self\" >Galleria di base del Brennero<\/a><\/h3>\n\n<div style=\"font-size:20px;\" class=\"make__it__button wp-block-post-excerpt\"><p class=\"wp-block-post-excerpt__excerpt\">Le prime camere CFAP MAUDERLI installate in Austria. In qualit\u00e0 di fornitore di sistemi, MAUDERLI AG ha convinto i costruttori di gallerie&hellip;<\/p><p class=\"wp-block-post-excerpt__more-text\"><a class=\"wp-block-post-excerpt__more-link\" href=\"https:\/\/mauderli.ch\/it\/galleria-di-base-del-brennero\/\">Per saperne di pi\u00f9<\/a><\/p><\/div>\n<\/div><\/div>\n\n<div class=\"gb-grid-column gb-grid-column-3728e43a gb-query-loop-item post-3040 post type-post status-publish format-standard has-post-thumbnail hentry category-notizie\"><div class=\"gb-container gb-container-3728e43a\">\n<figure class=\"border__radius__15 feat__image__blog__grid wp-block-post-featured-image\"><a href=\"https:\/\/mauderli.ch\/it\/recinto-schwamendingen\/\" target=\"_self\"  ><img decoding=\"async\" width=\"2560\" height=\"1707\" src=\"https:\/\/mauderli.ch\/wp-content\/uploads\/2024\/09\/A4A6584_1-1-scaled.jpg\" class=\"attachment-post-thumbnail size-post-thumbnail wp-post-image\" alt=\"Recinto Schwamendingen\" style=\"object-fit:cover;\" srcset=\"https:\/\/mauderli.ch\/wp-content\/uploads\/2024\/09\/A4A6584_1-1-scaled.jpg 2560w, https:\/\/mauderli.ch\/wp-content\/uploads\/2024\/09\/A4A6584_1-1-300x200.jpg 300w, https:\/\/mauderli.ch\/wp-content\/uploads\/2024\/09\/A4A6584_1-1-1024x683.jpg 1024w, https:\/\/mauderli.ch\/wp-content\/uploads\/2024\/09\/A4A6584_1-1-768x512.jpg 768w, https:\/\/mauderli.ch\/wp-content\/uploads\/2024\/09\/A4A6584_1-1-1536x1024.jpg 1536w, https:\/\/mauderli.ch\/wp-content\/uploads\/2024\/09\/A4A6584_1-1-2048x1365.jpg 2048w\" sizes=\"(max-width: 2560px) 100vw, 2560px\" \/><\/a><\/figure>\n\n<h3 style=\"font-size:20px;\" class=\"adjust__title post_title wp-block-post-title\"><a href=\"https:\/\/mauderli.ch\/it\/recinto-schwamendingen\/\" target=\"_self\" >Recinto Schwamendingen<\/a><\/h3>\n\n<div style=\"font-size:20px;\" class=\"make__it__button wp-block-post-excerpt\"><p class=\"wp-block-post-excerpt__excerpt\">Tubi e alberi forniti per ARGE EHS. La copertura autostradale di Schwamendingen \u00e8 un importante progetto di traffico stradale a Zurigo che&hellip;<\/p><p class=\"wp-block-post-excerpt__more-text\"><a class=\"wp-block-post-excerpt__more-link\" href=\"https:\/\/mauderli.ch\/it\/recinto-schwamendingen\/\">Per saperne di pi\u00f9<\/a><\/p><\/div>\n<\/div><\/div>\n<\/div>\n\n<\/div>\n<\/div>","protected":false},"excerpt":{"rendered":"<p>Notizie da MAUDERLI<\/p>\n","protected":false},"author":1,"featured_media":0,"parent":0,"menu_order":0,"comment_status":"closed","ping_status":"closed","template":"","meta":{"_acf_changed":false,"inline_featured_image":false,"footnotes":""},"class_list":["post-3191","page","type-page","status-publish"],"acf":[],"_links":{"self":[{"href":"https:\/\/mauderli.ch\/it\/wp-json\/wp\/v2\/pages\/3191","targetHints":{"allow":["GET"]}}],"collection":[{"href":"https:\/\/mauderli.ch\/it\/wp-json\/wp\/v2\/pages"}],"about":[{"href":"https:\/\/mauderli.ch\/it\/wp-json\/wp\/v2\/types\/page"}],"author":[{"embeddable":true,"href":"https:\/\/mauderli.ch\/it\/wp-json\/wp\/v2\/users\/1"}],"replies":[{"embeddable":true,"href":"https:\/\/mauderli.ch\/it\/wp-json\/wp\/v2\/comments?post=3191"}],"version-history":[{"count":3,"href":"https:\/\/mauderli.ch\/it\/wp-json\/wp\/v2\/pages\/3191\/revisions"}],"predecessor-version":[{"id":3748,"href":"https:\/\/mauderli.ch\/it\/wp-json\/wp\/v2\/pages\/3191\/revisions\/3748"}],"wp:attachment":[{"href":"https:\/\/mauderli.ch\/it\/wp-json\/wp\/v2\/media?parent=3191"}],"curies":[{"name":"wp","href":"https:\/\/api.w.org\/{rel}","templated":true}]}}