{"id":3751,"date":"2024-11-25T19:53:15","date_gmt":"2024-11-25T18:53:15","guid":{"rendered":"https:\/\/mauderli.ch\/?page_id=3751"},"modified":"2024-11-26T14:20:11","modified_gmt":"2024-11-26T13:20:11","slug":"actualites-2","status":"publish","type":"page","link":"https:\/\/mauderli.ch\/fr\/actualites-2\/","title":{"rendered":"Presse"},"content":{"rendered":"<div class=\"gb-container gb-container-bf88a1d2 alignfull\">\n<div class=\"gb-container gb-container-8c780689\">\n\n<h1 class=\"gb-headline gb-headline-b994ba93 gb-headline-text\">MAUDERLI dans les m\u00e9dias<\/h1>\n\n\n\n<div class=\"gb-grid-wrapper gb-grid-wrapper-b7cb83a1 gb-query-loop-wrapper\">\n<div class=\"gb-grid-column gb-grid-column-3728e43a gb-query-loop-item post-4087 post type-post status-publish format-standard has-post-thumbnail hentry category-presse-fr\"><div class=\"gb-container gb-container-3728e43a\">\n<figure class=\"border__radius__15 feat__image__blog__grid wp-block-post-featured-image\"><a href=\"https:\/\/mauderli.ch\/fr\/la-radio-srf-en-visite-sur-le-site-de-mauderli-ag-linterview-de-christoph-mauderli\/\" target=\"_self\"  ><img decoding=\"async\" width=\"2124\" height=\"1580\" src=\"https:\/\/mauderli.ch\/wp-content\/uploads\/2024\/11\/Mauderli_Logo_SRF.jpg\" class=\"attachment-post-thumbnail size-post-thumbnail wp-post-image\" alt=\"La radio SRF en visite sur le site de MAUDERLI AG. L&rsquo;interview de Christoph Mauderli.\" style=\"object-fit:cover;\" srcset=\"https:\/\/mauderli.ch\/wp-content\/uploads\/2024\/11\/Mauderli_Logo_SRF.jpg 2124w, https:\/\/mauderli.ch\/wp-content\/uploads\/2024\/11\/Mauderli_Logo_SRF-300x223.jpg 300w, https:\/\/mauderli.ch\/wp-content\/uploads\/2024\/11\/Mauderli_Logo_SRF-1024x762.jpg 1024w, https:\/\/mauderli.ch\/wp-content\/uploads\/2024\/11\/Mauderli_Logo_SRF-768x571.jpg 768w, https:\/\/mauderli.ch\/wp-content\/uploads\/2024\/11\/Mauderli_Logo_SRF-1536x1143.jpg 1536w, https:\/\/mauderli.ch\/wp-content\/uploads\/2024\/11\/Mauderli_Logo_SRF-2048x1523.jpg 2048w\" sizes=\"(max-width: 2124px) 100vw, 2124px\" \/><\/a><\/figure>\n\n<h3 style=\"font-size:20px;\" class=\"adjust__title post_title wp-block-post-title\"><a href=\"https:\/\/mauderli.ch\/fr\/la-radio-srf-en-visite-sur-le-site-de-mauderli-ag-linterview-de-christoph-mauderli\/\" target=\"_self\" >La radio SRF en visite sur le site de MAUDERLI AG. L&rsquo;interview de Christoph Mauderli.<\/a><\/h3>\n\n<div style=\"font-size:20px;\" class=\"make__it__button wp-block-post-excerpt\"><p class=\"wp-block-post-excerpt__excerpt\">Christoph Mauderli explique le potentiel et les avantages de zeroUltraone, le nouveau mat\u00e9riau de construction en fibres ultra-hautes\u2026<\/p><p class=\"wp-block-post-excerpt__more-text\"><a class=\"wp-block-post-excerpt__more-link\" href=\"https:\/\/mauderli.ch\/fr\/la-radio-srf-en-visite-sur-le-site-de-mauderli-ag-linterview-de-christoph-mauderli\/\">En savoir plus<\/a><\/p><\/div>\n<\/div><\/div>\n\n<div class=\"gb-grid-column gb-grid-column-3728e43a gb-query-loop-item post-3714 post type-post status-publish format-standard has-post-thumbnail hentry category-presse-fr\"><div class=\"gb-container gb-container-3728e43a\">\n<figure class=\"border__radius__15 feat__image__blog__grid wp-block-post-featured-image\"><a href=\"https:\/\/mauderli.ch\/fr\/cela-ressemble-a-du-beton-mais-ce-nen-est-pas-mauderli-ag-de-schachen-remporte-le-prix-de-linnovation-ihz-pour-ses-elements-de-construction\/\" target=\"_self\"  ><img decoding=\"async\" width=\"2124\" height=\"1580\" src=\"https:\/\/mauderli.ch\/wp-content\/uploads\/2024\/11\/Mauderli_Logo_Luzerner_Zeitung_241125.jpg\" class=\"attachment-post-thumbnail size-post-thumbnail wp-post-image\" alt=\"Cela ressemble \u00e0 du b\u00e9ton, mais ce n&rsquo;en est pas : Mauderli AG de Schachen remporte le prix de l&rsquo;innovation IHZ pour ses \u00e9l\u00e9ments de construction.\" style=\"object-fit:cover;\" srcset=\"https:\/\/mauderli.ch\/wp-content\/uploads\/2024\/11\/Mauderli_Logo_Luzerner_Zeitung_241125.jpg 2124w, https:\/\/mauderli.ch\/wp-content\/uploads\/2024\/11\/Mauderli_Logo_Luzerner_Zeitung_241125-300x223.jpg 300w, https:\/\/mauderli.ch\/wp-content\/uploads\/2024\/11\/Mauderli_Logo_Luzerner_Zeitung_241125-1024x762.jpg 1024w, https:\/\/mauderli.ch\/wp-content\/uploads\/2024\/11\/Mauderli_Logo_Luzerner_Zeitung_241125-768x571.jpg 768w, https:\/\/mauderli.ch\/wp-content\/uploads\/2024\/11\/Mauderli_Logo_Luzerner_Zeitung_241125-1536x1143.jpg 1536w, https:\/\/mauderli.ch\/wp-content\/uploads\/2024\/11\/Mauderli_Logo_Luzerner_Zeitung_241125-2048x1523.jpg 2048w\" sizes=\"(max-width: 2124px) 100vw, 2124px\" \/><\/a><\/figure>\n\n<h3 style=\"font-size:20px;\" class=\"adjust__title post_title wp-block-post-title\"><a href=\"https:\/\/mauderli.ch\/fr\/cela-ressemble-a-du-beton-mais-ce-nen-est-pas-mauderli-ag-de-schachen-remporte-le-prix-de-linnovation-ihz-pour-ses-elements-de-construction\/\" target=\"_self\" >Cela ressemble \u00e0 du b\u00e9ton, mais ce n&rsquo;en est pas : Mauderli AG de Schachen remporte le prix de l&rsquo;innovation IHZ pour ses \u00e9l\u00e9ments de construction.<\/a><\/h3>\n\n<div style=\"font-size:20px;\" class=\"make__it__button wp-block-post-excerpt\"><p class=\"wp-block-post-excerpt__excerpt\">Cette ann\u00e9e, le prix de l&rsquo;innovation de la Chambre de commerce et d&rsquo;industrie de Suisse centrale a \u00e9t\u00e9\u2026<\/p><p class=\"wp-block-post-excerpt__more-text\"><a class=\"wp-block-post-excerpt__more-link\" href=\"https:\/\/mauderli.ch\/fr\/cela-ressemble-a-du-beton-mais-ce-nen-est-pas-mauderli-ag-de-schachen-remporte-le-prix-de-linnovation-ihz-pour-ses-elements-de-construction\/\">En savoir plus<\/a><\/p><\/div>\n<\/div><\/div>\n\n<div class=\"gb-grid-column gb-grid-column-3728e43a gb-query-loop-item post-3705 post type-post status-publish format-standard has-post-thumbnail hentry category-presse-fr\"><div class=\"gb-container gb-container-3728e43a\">\n<figure class=\"border__radius__15 feat__image__blog__grid wp-block-post-featured-image\"><a href=\"https:\/\/mauderli.ch\/fr\/\" target=\"_self\"  ><img decoding=\"async\" width=\"2124\" height=\"1580\" src=\"https:\/\/mauderli.ch\/wp-content\/uploads\/2024\/11\/Mauderli_Logo_Handelszeitung_241125-1.jpg\" class=\"attachment-post-thumbnail size-post-thumbnail wp-post-image\" alt=\"Plus l\u00e9ger, plus durable\" style=\"object-fit:cover;\" srcset=\"https:\/\/mauderli.ch\/wp-content\/uploads\/2024\/11\/Mauderli_Logo_Handelszeitung_241125-1.jpg 2124w, https:\/\/mauderli.ch\/wp-content\/uploads\/2024\/11\/Mauderli_Logo_Handelszeitung_241125-1-300x223.jpg 300w, https:\/\/mauderli.ch\/wp-content\/uploads\/2024\/11\/Mauderli_Logo_Handelszeitung_241125-1-1024x762.jpg 1024w, https:\/\/mauderli.ch\/wp-content\/uploads\/2024\/11\/Mauderli_Logo_Handelszeitung_241125-1-768x571.jpg 768w, https:\/\/mauderli.ch\/wp-content\/uploads\/2024\/11\/Mauderli_Logo_Handelszeitung_241125-1-1536x1143.jpg 1536w, https:\/\/mauderli.ch\/wp-content\/uploads\/2024\/11\/Mauderli_Logo_Handelszeitung_241125-1-2048x1523.jpg 2048w\" sizes=\"(max-width: 2124px) 100vw, 2124px\" \/><\/a><\/figure>\n\n<h3 style=\"font-size:20px;\" class=\"adjust__title post_title wp-block-post-title\"><a href=\"https:\/\/mauderli.ch\/fr\/\" target=\"_self\" >Plus l\u00e9ger, plus durable<\/a><\/h3>\n\n<div style=\"font-size:20px;\" class=\"make__it__button wp-block-post-excerpt\"><p class=\"wp-block-post-excerpt__excerpt\">Titre Lorem Ipsum Dolore sit amet Lorem Ipsum sit amet Lorem Ipsum<\/p><p class=\"wp-block-post-excerpt__more-text\"><a class=\"wp-block-post-excerpt__more-link\" href=\"https:\/\/mauderli.ch\/fr\/\">En savoir plus<\/a><\/p><\/div>\n<\/div><\/div>\n\n<div class=\"gb-grid-column gb-grid-column-3728e43a gb-query-loop-item post-3695 post type-post status-publish format-standard has-post-thumbnail hentry category-presse-fr\"><div class=\"gb-container gb-container-3728e43a\">\n<figure class=\"border__radius__15 feat__image__blog__grid wp-block-post-featured-image\"><a href=\"https:\/\/mauderli.ch\/fr\/\" target=\"_self\"  ><img decoding=\"async\" width=\"2124\" height=\"1580\" src=\"https:\/\/mauderli.ch\/wp-content\/uploads\/2024\/11\/Mauderli_Logo_Schweizerische_Gewerbezeitung_241125.jpg\" class=\"attachment-post-thumbnail size-post-thumbnail wp-post-image\" alt=\"\u00ab\u00a0L&rsquo;entrepreneuriat, c&rsquo;est comme le sport de haut niveau\u00a0\u00bb\" style=\"object-fit:cover;\" srcset=\"https:\/\/mauderli.ch\/wp-content\/uploads\/2024\/11\/Mauderli_Logo_Schweizerische_Gewerbezeitung_241125.jpg 2124w, https:\/\/mauderli.ch\/wp-content\/uploads\/2024\/11\/Mauderli_Logo_Schweizerische_Gewerbezeitung_241125-300x223.jpg 300w, https:\/\/mauderli.ch\/wp-content\/uploads\/2024\/11\/Mauderli_Logo_Schweizerische_Gewerbezeitung_241125-1024x762.jpg 1024w, https:\/\/mauderli.ch\/wp-content\/uploads\/2024\/11\/Mauderli_Logo_Schweizerische_Gewerbezeitung_241125-768x571.jpg 768w, https:\/\/mauderli.ch\/wp-content\/uploads\/2024\/11\/Mauderli_Logo_Schweizerische_Gewerbezeitung_241125-1536x1143.jpg 1536w, https:\/\/mauderli.ch\/wp-content\/uploads\/2024\/11\/Mauderli_Logo_Schweizerische_Gewerbezeitung_241125-2048x1523.jpg 2048w\" sizes=\"(max-width: 2124px) 100vw, 2124px\" \/><\/a><\/figure>\n\n<h3 style=\"font-size:20px;\" class=\"adjust__title post_title wp-block-post-title\"><a href=\"https:\/\/mauderli.ch\/fr\/\" target=\"_self\" >\u00ab\u00a0L&rsquo;entrepreneuriat, c&rsquo;est comme le sport de haut niveau\u00a0\u00bb<\/a><\/h3>\n\n<div style=\"font-size:20px;\" class=\"make__it__button wp-block-post-excerpt\"><p class=\"wp-block-post-excerpt__excerpt\">Titre Lorem Ipsum Dolore sit amet Lorem Ipsum sit amet Lorem Ipsum<\/p><p class=\"wp-block-post-excerpt__more-text\"><a class=\"wp-block-post-excerpt__more-link\" href=\"https:\/\/mauderli.ch\/fr\/\">En savoir plus<\/a><\/p><\/div>\n<\/div><\/div>\n\n<div class=\"gb-grid-column gb-grid-column-3728e43a gb-query-loop-item post-3684 post type-post status-publish format-standard has-post-thumbnail hentry category-presse-fr\"><div class=\"gb-container gb-container-3728e43a\">\n<figure class=\"border__radius__15 feat__image__blog__grid wp-block-post-featured-image\"><a href=\"https:\/\/mauderli.ch\/fr\/\" target=\"_self\"  ><img decoding=\"async\" width=\"2124\" height=\"1580\" src=\"https:\/\/mauderli.ch\/wp-content\/uploads\/2024\/11\/Mauderli_Logo_fachbau_241125.jpg\" class=\"attachment-post-thumbnail size-post-thumbnail wp-post-image\" alt=\"Le prix de l&rsquo;innovation 2024 du CCI a \u00e9t\u00e9 d\u00e9cern\u00e9\" style=\"object-fit:cover;\" srcset=\"https:\/\/mauderli.ch\/wp-content\/uploads\/2024\/11\/Mauderli_Logo_fachbau_241125.jpg 2124w, https:\/\/mauderli.ch\/wp-content\/uploads\/2024\/11\/Mauderli_Logo_fachbau_241125-300x223.jpg 300w, https:\/\/mauderli.ch\/wp-content\/uploads\/2024\/11\/Mauderli_Logo_fachbau_241125-1024x762.jpg 1024w, https:\/\/mauderli.ch\/wp-content\/uploads\/2024\/11\/Mauderli_Logo_fachbau_241125-768x571.jpg 768w, https:\/\/mauderli.ch\/wp-content\/uploads\/2024\/11\/Mauderli_Logo_fachbau_241125-1536x1143.jpg 1536w, https:\/\/mauderli.ch\/wp-content\/uploads\/2024\/11\/Mauderli_Logo_fachbau_241125-2048x1523.jpg 2048w\" sizes=\"(max-width: 2124px) 100vw, 2124px\" \/><\/a><\/figure>\n\n<h3 style=\"font-size:20px;\" class=\"adjust__title post_title wp-block-post-title\"><a href=\"https:\/\/mauderli.ch\/fr\/\" target=\"_self\" >Le prix de l&rsquo;innovation 2024 du CCI a \u00e9t\u00e9 d\u00e9cern\u00e9<\/a><\/h3>\n\n<div style=\"font-size:20px;\" class=\"make__it__button wp-block-post-excerpt\"><p class=\"wp-block-post-excerpt__excerpt\">Titre Lorem Ipsum Dolore sit amet Lorem Ipsum sit amet Lorem Ipsum<\/p><p class=\"wp-block-post-excerpt__more-text\"><a class=\"wp-block-post-excerpt__more-link\" href=\"https:\/\/mauderli.ch\/fr\/\">En savoir plus<\/a><\/p><\/div>\n<\/div><\/div>\n\n<div class=\"gb-grid-column gb-grid-column-3728e43a gb-query-loop-item post-3676 post type-post status-publish format-standard has-post-thumbnail hentry category-presse-fr\"><div class=\"gb-container gb-container-3728e43a\">\n<figure class=\"border__radius__15 feat__image__blog__grid wp-block-post-featured-image\"><a href=\"https:\/\/mauderli.ch\/fr\/prix-de-linnovation-du-cci-pour-mauderli-ag-de-schachen\/\" target=\"_self\"  ><img decoding=\"async\" width=\"2124\" height=\"1580\" src=\"https:\/\/mauderli.ch\/wp-content\/uploads\/2024\/11\/Mauderli_Logo_Entlebucher_Anzeiger_241125.jpg\" class=\"attachment-post-thumbnail size-post-thumbnail wp-post-image\" alt=\"Prix de l&rsquo;innovation du CCI pour Mauderli AG de Schachen\" style=\"object-fit:cover;\" srcset=\"https:\/\/mauderli.ch\/wp-content\/uploads\/2024\/11\/Mauderli_Logo_Entlebucher_Anzeiger_241125.jpg 2124w, https:\/\/mauderli.ch\/wp-content\/uploads\/2024\/11\/Mauderli_Logo_Entlebucher_Anzeiger_241125-300x223.jpg 300w, https:\/\/mauderli.ch\/wp-content\/uploads\/2024\/11\/Mauderli_Logo_Entlebucher_Anzeiger_241125-1024x762.jpg 1024w, https:\/\/mauderli.ch\/wp-content\/uploads\/2024\/11\/Mauderli_Logo_Entlebucher_Anzeiger_241125-768x571.jpg 768w, https:\/\/mauderli.ch\/wp-content\/uploads\/2024\/11\/Mauderli_Logo_Entlebucher_Anzeiger_241125-1536x1143.jpg 1536w, https:\/\/mauderli.ch\/wp-content\/uploads\/2024\/11\/Mauderli_Logo_Entlebucher_Anzeiger_241125-2048x1523.jpg 2048w\" sizes=\"(max-width: 2124px) 100vw, 2124px\" \/><\/a><\/figure>\n\n<h3 style=\"font-size:20px;\" class=\"adjust__title post_title wp-block-post-title\"><a href=\"https:\/\/mauderli.ch\/fr\/prix-de-linnovation-du-cci-pour-mauderli-ag-de-schachen\/\" target=\"_self\" >Prix de l&rsquo;innovation du CCI pour Mauderli AG de Schachen<\/a><\/h3>\n\n<div style=\"font-size:20px;\" class=\"make__it__button wp-block-post-excerpt\"><p class=\"wp-block-post-excerpt__excerpt\">La soci\u00e9t\u00e9 Mauderli AG de Schachen r\u00e9volutionne la construction d&rsquo;infrastructures avec des \u00e9l\u00e9ments de construction pr\u00e9fabriqu\u00e9s en mat\u00e9riau\u2026<\/p><p class=\"wp-block-post-excerpt__more-text\"><a class=\"wp-block-post-excerpt__more-link\" href=\"https:\/\/mauderli.ch\/fr\/prix-de-linnovation-du-cci-pour-mauderli-ag-de-schachen\/\">En savoir plus<\/a><\/p><\/div>\n<\/div><\/div>\n\n<div class=\"gb-grid-column gb-grid-column-3728e43a gb-query-loop-item post-3772 post type-post status-publish format-standard has-post-thumbnail hentry category-presse-fr\"><div class=\"gb-container gb-container-3728e43a\">\n<figure class=\"border__radius__15 feat__image__blog__grid wp-block-post-featured-image\"><a href=\"https:\/\/mauderli.ch\/fr\/mauderli-ag-remporte-le-prix-de-linnovation-du-cci\/\" target=\"_self\"  ><img decoding=\"async\" width=\"2124\" height=\"1580\" src=\"https:\/\/mauderli.ch\/wp-content\/uploads\/2024\/11\/Mauderli_Logo_Sitzerland_Global_Enterprise_241125.jpg\" class=\"attachment-post-thumbnail size-post-thumbnail wp-post-image\" alt=\"Mauderli AG remporte le prix de l&rsquo;innovation du CCI\" style=\"object-fit:cover;\" srcset=\"https:\/\/mauderli.ch\/wp-content\/uploads\/2024\/11\/Mauderli_Logo_Sitzerland_Global_Enterprise_241125.jpg 2124w, https:\/\/mauderli.ch\/wp-content\/uploads\/2024\/11\/Mauderli_Logo_Sitzerland_Global_Enterprise_241125-300x223.jpg 300w, https:\/\/mauderli.ch\/wp-content\/uploads\/2024\/11\/Mauderli_Logo_Sitzerland_Global_Enterprise_241125-1024x762.jpg 1024w, https:\/\/mauderli.ch\/wp-content\/uploads\/2024\/11\/Mauderli_Logo_Sitzerland_Global_Enterprise_241125-768x571.jpg 768w, https:\/\/mauderli.ch\/wp-content\/uploads\/2024\/11\/Mauderli_Logo_Sitzerland_Global_Enterprise_241125-1536x1143.jpg 1536w, https:\/\/mauderli.ch\/wp-content\/uploads\/2024\/11\/Mauderli_Logo_Sitzerland_Global_Enterprise_241125-2048x1523.jpg 2048w\" sizes=\"(max-width: 2124px) 100vw, 2124px\" \/><\/a><\/figure>\n\n<h3 style=\"font-size:20px;\" class=\"adjust__title post_title wp-block-post-title\"><a href=\"https:\/\/mauderli.ch\/fr\/mauderli-ag-remporte-le-prix-de-linnovation-du-cci\/\" target=\"_self\" >Mauderli AG remporte le prix de l&rsquo;innovation du CCI<\/a><\/h3>\n\n<div style=\"font-size:20px;\" class=\"make__it__button wp-block-post-excerpt\"><p class=\"wp-block-post-excerpt__excerpt\">Mauderli AG a remport\u00e9 cette ann\u00e9e le prix de l&rsquo;innovation de la Chambre de commerce et d&rsquo;industrie de\u2026<\/p><p class=\"wp-block-post-excerpt__more-text\"><a class=\"wp-block-post-excerpt__more-link\" href=\"https:\/\/mauderli.ch\/fr\/mauderli-ag-remporte-le-prix-de-linnovation-du-cci\/\">En savoir plus<\/a><\/p><\/div>\n<\/div><\/div>\n\n<div class=\"gb-grid-column gb-grid-column-3728e43a gb-query-loop-item post-3780 post type-post status-publish format-standard has-post-thumbnail hentry category-presse-fr\"><div class=\"gb-container gb-container-3728e43a\">\n<figure class=\"border__radius__15 feat__image__blog__grid wp-block-post-featured-image\"><a href=\"https:\/\/mauderli.ch\/fr\/le-prix-de-linnovation-2024-est-decerne-a-une-entreprise-de-schachen-pour-son-materiau-de-construction-ultra-resistant\/\" target=\"_self\"  ><img decoding=\"async\" width=\"2124\" height=\"1580\" src=\"https:\/\/mauderli.ch\/wp-content\/uploads\/2024\/11\/Mauderli_Logo_immoinvest_241125.jpg\" class=\"attachment-post-thumbnail size-post-thumbnail wp-post-image\" alt=\"Le prix de l&rsquo;innovation 2024 est d\u00e9cern\u00e9 \u00e0 une entreprise de Schachen pour son mat\u00e9riau de construction ultra-r\u00e9sistant\" style=\"object-fit:cover;\" srcset=\"https:\/\/mauderli.ch\/wp-content\/uploads\/2024\/11\/Mauderli_Logo_immoinvest_241125.jpg 2124w, https:\/\/mauderli.ch\/wp-content\/uploads\/2024\/11\/Mauderli_Logo_immoinvest_241125-300x223.jpg 300w, https:\/\/mauderli.ch\/wp-content\/uploads\/2024\/11\/Mauderli_Logo_immoinvest_241125-1024x762.jpg 1024w, https:\/\/mauderli.ch\/wp-content\/uploads\/2024\/11\/Mauderli_Logo_immoinvest_241125-768x571.jpg 768w, https:\/\/mauderli.ch\/wp-content\/uploads\/2024\/11\/Mauderli_Logo_immoinvest_241125-1536x1143.jpg 1536w, https:\/\/mauderli.ch\/wp-content\/uploads\/2024\/11\/Mauderli_Logo_immoinvest_241125-2048x1523.jpg 2048w\" sizes=\"(max-width: 2124px) 100vw, 2124px\" \/><\/a><\/figure>\n\n<h3 style=\"font-size:20px;\" class=\"adjust__title post_title wp-block-post-title\"><a href=\"https:\/\/mauderli.ch\/fr\/le-prix-de-linnovation-2024-est-decerne-a-une-entreprise-de-schachen-pour-son-materiau-de-construction-ultra-resistant\/\" target=\"_self\" >Le prix de l&rsquo;innovation 2024 est d\u00e9cern\u00e9 \u00e0 une entreprise de Schachen pour son mat\u00e9riau de construction ultra-r\u00e9sistant<\/a><\/h3>\n\n<div style=\"font-size:20px;\" class=\"make__it__button wp-block-post-excerpt\"><p class=\"wp-block-post-excerpt__excerpt\">Mauderli AG a remport\u00e9 cette ann\u00e9e le prix de l&rsquo;innovation de la Chambre de commerce et d&rsquo;industrie de\u2026<\/p><p class=\"wp-block-post-excerpt__more-text\"><a class=\"wp-block-post-excerpt__more-link\" href=\"https:\/\/mauderli.ch\/fr\/le-prix-de-linnovation-2024-est-decerne-a-une-entreprise-de-schachen-pour-son-materiau-de-construction-ultra-resistant\/\">En savoir plus<\/a><\/p><\/div>\n<\/div><\/div>\n\n<div class=\"gb-grid-column gb-grid-column-3728e43a gb-query-loop-item post-3791 post type-post status-publish format-standard has-post-thumbnail hentry category-presse-fr\"><div class=\"gb-container gb-container-3728e43a\">\n<figure class=\"border__radius__15 feat__image__blog__grid wp-block-post-featured-image\"><a href=\"https:\/\/mauderli.ch\/fr\/le-prix-de-linnovation-arrive-dans-le-canton-de-lucerne\/\" target=\"_self\"  ><img decoding=\"async\" width=\"2124\" height=\"1580\" src=\"https:\/\/mauderli.ch\/wp-content\/uploads\/2024\/11\/Mauderli_Logo_zentralplus_241125.jpg\" class=\"attachment-post-thumbnail size-post-thumbnail wp-post-image\" alt=\"Le prix de l&rsquo;innovation arrive dans le canton de Lucerne\" style=\"object-fit:cover;\" srcset=\"https:\/\/mauderli.ch\/wp-content\/uploads\/2024\/11\/Mauderli_Logo_zentralplus_241125.jpg 2124w, https:\/\/mauderli.ch\/wp-content\/uploads\/2024\/11\/Mauderli_Logo_zentralplus_241125-300x223.jpg 300w, https:\/\/mauderli.ch\/wp-content\/uploads\/2024\/11\/Mauderli_Logo_zentralplus_241125-1024x762.jpg 1024w, https:\/\/mauderli.ch\/wp-content\/uploads\/2024\/11\/Mauderli_Logo_zentralplus_241125-768x571.jpg 768w, https:\/\/mauderli.ch\/wp-content\/uploads\/2024\/11\/Mauderli_Logo_zentralplus_241125-1536x1143.jpg 1536w, https:\/\/mauderli.ch\/wp-content\/uploads\/2024\/11\/Mauderli_Logo_zentralplus_241125-2048x1523.jpg 2048w\" sizes=\"(max-width: 2124px) 100vw, 2124px\" \/><\/a><\/figure>\n\n<h3 style=\"font-size:20px;\" class=\"adjust__title post_title wp-block-post-title\"><a href=\"https:\/\/mauderli.ch\/fr\/le-prix-de-linnovation-arrive-dans-le-canton-de-lucerne\/\" target=\"_self\" >Le prix de l&rsquo;innovation arrive dans le canton de Lucerne<\/a><\/h3>\n\n<div style=\"font-size:20px;\" class=\"make__it__button wp-block-post-excerpt\"><p class=\"wp-block-post-excerpt__excerpt\">Avec des \u00e9l\u00e9ments de construction pour les tunnels et les autoroutes, l&rsquo;entreprise de construction lucernoise Mauderli AG a\u2026<\/p><p class=\"wp-block-post-excerpt__more-text\"><a class=\"wp-block-post-excerpt__more-link\" href=\"https:\/\/mauderli.ch\/fr\/le-prix-de-linnovation-arrive-dans-le-canton-de-lucerne\/\">En savoir plus<\/a><\/p><\/div>\n<\/div><\/div>\n\n<div class=\"gb-grid-column gb-grid-column-3728e43a gb-query-loop-item post-3573 post type-post status-publish format-standard has-post-thumbnail hentry category-presse-fr\"><div class=\"gb-container gb-container-3728e43a\">\n<figure class=\"border__radius__15 feat__image__blog__grid wp-block-post-featured-image\"><a href=\"https:\/\/mauderli.ch\/fr\/2-lorem-ipsum-dolor-sit-amet-consetetur-sadipscing-elitr-sed-diam-nonumy-eirmod-tempor-invidunt-ut-labore-et-dolore\/\" target=\"_self\"  ><img decoding=\"async\" width=\"2124\" height=\"1580\" src=\"https:\/\/mauderli.ch\/wp-content\/uploads\/2024\/11\/Mauderli_Logo_Roi_Online_241125.jpg\" class=\"attachment-post-thumbnail size-post-thumbnail wp-post-image\" alt=\"Prix de l&rsquo;innovation IHZ 2024\" style=\"object-fit:cover;\" srcset=\"https:\/\/mauderli.ch\/wp-content\/uploads\/2024\/11\/Mauderli_Logo_Roi_Online_241125.jpg 2124w, https:\/\/mauderli.ch\/wp-content\/uploads\/2024\/11\/Mauderli_Logo_Roi_Online_241125-300x223.jpg 300w, https:\/\/mauderli.ch\/wp-content\/uploads\/2024\/11\/Mauderli_Logo_Roi_Online_241125-1024x762.jpg 1024w, https:\/\/mauderli.ch\/wp-content\/uploads\/2024\/11\/Mauderli_Logo_Roi_Online_241125-768x571.jpg 768w, https:\/\/mauderli.ch\/wp-content\/uploads\/2024\/11\/Mauderli_Logo_Roi_Online_241125-1536x1143.jpg 1536w, https:\/\/mauderli.ch\/wp-content\/uploads\/2024\/11\/Mauderli_Logo_Roi_Online_241125-2048x1523.jpg 2048w\" sizes=\"(max-width: 2124px) 100vw, 2124px\" \/><\/a><\/figure>\n\n<h3 style=\"font-size:20px;\" class=\"adjust__title post_title wp-block-post-title\"><a href=\"https:\/\/mauderli.ch\/fr\/2-lorem-ipsum-dolor-sit-amet-consetetur-sadipscing-elitr-sed-diam-nonumy-eirmod-tempor-invidunt-ut-labore-et-dolore\/\" target=\"_self\" >Prix de l&rsquo;innovation IHZ 2024<\/a><\/h3>\n\n<div style=\"font-size:20px;\" class=\"make__it__button wp-block-post-excerpt\"><p class=\"wp-block-post-excerpt__excerpt\">La soci\u00e9t\u00e9 Mauderli AG de Schachen r\u00e9volutionne la construction d&rsquo;infrastructures avec des \u00e9l\u00e9ments de construction pr\u00e9fabriqu\u00e9s en mat\u00e9riau\u2026<\/p><p class=\"wp-block-post-excerpt__more-text\"><a class=\"wp-block-post-excerpt__more-link\" href=\"https:\/\/mauderli.ch\/fr\/2-lorem-ipsum-dolor-sit-amet-consetetur-sadipscing-elitr-sed-diam-nonumy-eirmod-tempor-invidunt-ut-labore-et-dolore\/\">En savoir plus<\/a><\/p><\/div>\n<\/div><\/div>\n\n<div class=\"gb-grid-column gb-grid-column-3728e43a gb-query-loop-item post-3787 post type-post status-publish format-standard has-post-thumbnail hentry category-presse-fr\"><div class=\"gb-container gb-container-3728e43a\">\n<figure class=\"border__radius__15 feat__image__blog__grid wp-block-post-featured-image\"><a href=\"https:\/\/mauderli.ch\/fr\/mauderli-ag-remporte-le-prix-de-linnovation-du-cci-2\/\" target=\"_self\"  ><img decoding=\"async\" width=\"2124\" height=\"1580\" src=\"https:\/\/mauderli.ch\/wp-content\/uploads\/2024\/11\/Mauderli_Logo_booster_241125.jpg\" class=\"attachment-post-thumbnail size-post-thumbnail wp-post-image\" alt=\"Mauderli AG remporte le prix de l&rsquo;innovation du CCI\" style=\"object-fit:cover;\" srcset=\"https:\/\/mauderli.ch\/wp-content\/uploads\/2024\/11\/Mauderli_Logo_booster_241125.jpg 2124w, https:\/\/mauderli.ch\/wp-content\/uploads\/2024\/11\/Mauderli_Logo_booster_241125-300x223.jpg 300w, https:\/\/mauderli.ch\/wp-content\/uploads\/2024\/11\/Mauderli_Logo_booster_241125-1024x762.jpg 1024w, https:\/\/mauderli.ch\/wp-content\/uploads\/2024\/11\/Mauderli_Logo_booster_241125-768x571.jpg 768w, https:\/\/mauderli.ch\/wp-content\/uploads\/2024\/11\/Mauderli_Logo_booster_241125-1536x1143.jpg 1536w, https:\/\/mauderli.ch\/wp-content\/uploads\/2024\/11\/Mauderli_Logo_booster_241125-2048x1523.jpg 2048w\" sizes=\"(max-width: 2124px) 100vw, 2124px\" \/><\/a><\/figure>\n\n<h3 style=\"font-size:20px;\" class=\"adjust__title post_title wp-block-post-title\"><a href=\"https:\/\/mauderli.ch\/fr\/mauderli-ag-remporte-le-prix-de-linnovation-du-cci-2\/\" target=\"_self\" >Mauderli AG remporte le prix de l&rsquo;innovation du CCI<\/a><\/h3>\n\n<div style=\"font-size:20px;\" class=\"make__it__button wp-block-post-excerpt\"><p class=\"wp-block-post-excerpt__excerpt\">Mauderli AG a remport\u00e9 cette ann\u00e9e le prix de l&rsquo;innovation de la Chambre de commerce et d&rsquo;industrie de\u2026<\/p><p class=\"wp-block-post-excerpt__more-text\"><a class=\"wp-block-post-excerpt__more-link\" href=\"https:\/\/mauderli.ch\/fr\/mauderli-ag-remporte-le-prix-de-linnovation-du-cci-2\/\">En savoir plus<\/a><\/p><\/div>\n<\/div><\/div>\n<\/div>\n\n<\/div>\n<\/div>","protected":false},"excerpt":{"rendered":"<p>MAUDERLI dans les m\u00e9dias<\/p>\n","protected":false},"author":1,"featured_media":0,"parent":0,"menu_order":0,"comment_status":"closed","ping_status":"closed","template":"","meta":{"_acf_changed":false,"inline_featured_image":false,"footnotes":""},"class_list":["post-3751","page","type-page","status-publish"],"acf":[],"_links":{"self":[{"href":"https:\/\/mauderli.ch\/fr\/wp-json\/wp\/v2\/pages\/3751","targetHints":{"allow":["GET"]}}],"collection":[{"href":"https:\/\/mauderli.ch\/fr\/wp-json\/wp\/v2\/pages"}],"about":[{"href":"https:\/\/mauderli.ch\/fr\/wp-json\/wp\/v2\/types\/page"}],"author":[{"embeddable":true,"href":"https:\/\/mauderli.ch\/fr\/wp-json\/wp\/v2\/users\/1"}],"replies":[{"embeddable":true,"href":"https:\/\/mauderli.ch\/fr\/wp-json\/wp\/v2\/comments?post=3751"}],"version-history":[{"count":5,"href":"https:\/\/mauderli.ch\/fr\/wp-json\/wp\/v2\/pages\/3751\/revisions"}],"predecessor-version":[{"id":3967,"href":"https:\/\/mauderli.ch\/fr\/wp-json\/wp\/v2\/pages\/3751\/revisions\/3967"}],"wp:attachment":[{"href":"https:\/\/mauderli.ch\/fr\/wp-json\/wp\/v2\/media?parent=3751"}],"curies":[{"name":"wp","href":"https:\/\/api.w.org\/{rel}","templated":true}]}}