{"id":3197,"date":"2024-09-23T11:32:22","date_gmt":"2024-09-23T09:32:22","guid":{"rendered":"https:\/\/mauderli.ch\/actualites\/"},"modified":"2024-11-25T19:51:31","modified_gmt":"2024-11-25T18:51:31","slug":"actualites","status":"publish","type":"page","link":"https:\/\/mauderli.ch\/fr\/actualites\/","title":{"rendered":"Actualit\u00e9s"},"content":{"rendered":"<div class=\"gb-container gb-container-bf88a1d2 alignfull\">\n<div class=\"gb-container gb-container-8c780689\">\n\n<h1 class=\"gb-headline gb-headline-b994ba93 gb-headline-text\">Des nouvelles de MAUDERLI<\/h1>\n\n\n\n<div class=\"gb-grid-wrapper gb-grid-wrapper-b7cb83a1 gb-query-loop-wrapper\">\n<div class=\"gb-grid-column gb-grid-column-3728e43a gb-query-loop-item post-4481 post type-post status-publish format-standard has-post-thumbnail hentry category-actualites\"><div class=\"gb-container gb-container-3728e43a\">\n<figure class=\"border__radius__15 feat__image__blog__grid wp-block-post-featured-image\"><a href=\"https:\/\/mauderli.ch\/fr\/gagnant-du-prix-allemand-de-linnovation\/\" target=\"_self\"  ><img decoding=\"async\" width=\"2560\" height=\"1904\" src=\"https:\/\/mauderli.ch\/wp-content\/uploads\/2025\/05\/Mauderli_GIA_Logo-scaled.jpg\" class=\"attachment-post-thumbnail size-post-thumbnail wp-post-image\" alt=\"Gagnant du German Innovation Award\" style=\"object-fit:cover;\" srcset=\"https:\/\/mauderli.ch\/wp-content\/uploads\/2025\/05\/Mauderli_GIA_Logo-scaled.jpg 2560w, https:\/\/mauderli.ch\/wp-content\/uploads\/2025\/05\/Mauderli_GIA_Logo-300x223.jpg 300w, https:\/\/mauderli.ch\/wp-content\/uploads\/2025\/05\/Mauderli_GIA_Logo-1024x762.jpg 1024w, https:\/\/mauderli.ch\/wp-content\/uploads\/2025\/05\/Mauderli_GIA_Logo-768x571.jpg 768w, https:\/\/mauderli.ch\/wp-content\/uploads\/2025\/05\/Mauderli_GIA_Logo-1536x1142.jpg 1536w, https:\/\/mauderli.ch\/wp-content\/uploads\/2025\/05\/Mauderli_GIA_Logo-2048x1523.jpg 2048w\" sizes=\"(max-width: 2560px) 100vw, 2560px\" \/><\/a><\/figure>\n\n<h3 style=\"font-size:20px;\" class=\"adjust__title post_title wp-block-post-title\"><a href=\"https:\/\/mauderli.ch\/fr\/gagnant-du-prix-allemand-de-linnovation\/\" target=\"_self\" >Gagnant du German Innovation Award<\/a><\/h3>\n\n<div style=\"font-size:20px;\" class=\"make__it__button wp-block-post-excerpt\"><p class=\"wp-block-post-excerpt__excerpt\">L&rsquo;innovation est plus qu&rsquo;un simple slogan &#8211; c&rsquo;est la cl\u00e9 pour r\u00e9soudre les d\u00e9fis de notre \u00e9poque. Le German Innovation Award r\u00e9compense\u2026<\/p><p class=\"wp-block-post-excerpt__more-text\"><a class=\"wp-block-post-excerpt__more-link\" href=\"https:\/\/mauderli.ch\/fr\/gagnant-du-prix-allemand-de-linnovation\/\">En savoir plus<\/a><\/p><\/div>\n<\/div><\/div>\n\n<div class=\"gb-grid-column gb-grid-column-3728e43a gb-query-loop-item post-3846 post type-post status-publish format-standard has-post-thumbnail hentry category-actualites\"><div class=\"gb-container gb-container-3728e43a\">\n<figure class=\"border__radius__15 feat__image__blog__grid wp-block-post-featured-image\"><a href=\"https:\/\/mauderli.ch\/fr\/large-echo-dans-la-presse-des-composants-en-bfup\/\" target=\"_self\"  ><img decoding=\"async\" width=\"2124\" height=\"1580\" src=\"https:\/\/mauderli.ch\/wp-content\/uploads\/2024\/11\/Mauderli_Logo_News_03_241125_Schatten.jpg\" class=\"attachment-post-thumbnail size-post-thumbnail wp-post-image\" alt=\"Large \u00e9cho dans la presse des composants en BFUP\" style=\"object-fit:cover;\" srcset=\"https:\/\/mauderli.ch\/wp-content\/uploads\/2024\/11\/Mauderli_Logo_News_03_241125_Schatten.jpg 2124w, https:\/\/mauderli.ch\/wp-content\/uploads\/2024\/11\/Mauderli_Logo_News_03_241125_Schatten-300x223.jpg 300w, https:\/\/mauderli.ch\/wp-content\/uploads\/2024\/11\/Mauderli_Logo_News_03_241125_Schatten-1024x762.jpg 1024w, https:\/\/mauderli.ch\/wp-content\/uploads\/2024\/11\/Mauderli_Logo_News_03_241125_Schatten-768x571.jpg 768w, https:\/\/mauderli.ch\/wp-content\/uploads\/2024\/11\/Mauderli_Logo_News_03_241125_Schatten-1536x1143.jpg 1536w, https:\/\/mauderli.ch\/wp-content\/uploads\/2024\/11\/Mauderli_Logo_News_03_241125_Schatten-2048x1523.jpg 2048w\" sizes=\"(max-width: 2124px) 100vw, 2124px\" \/><\/a><\/figure>\n\n<h3 style=\"font-size:20px;\" class=\"adjust__title post_title wp-block-post-title\"><a href=\"https:\/\/mauderli.ch\/fr\/large-echo-dans-la-presse-des-composants-en-bfup\/\" target=\"_self\" >Large \u00e9cho dans la presse des composants en BFUP<\/a><\/h3>\n\n<div style=\"font-size:20px;\" class=\"make__it__button wp-block-post-excerpt\"><p class=\"wp-block-post-excerpt__excerpt\">\u00c0 l&rsquo;occasion du Prix de l&rsquo;innovation 2024 remport\u00e9 par la Chambre de commerce et d&rsquo;industrie de Suisse centrale (IHZ), de nombreux articles\u2026<\/p><p class=\"wp-block-post-excerpt__more-text\"><a class=\"wp-block-post-excerpt__more-link\" href=\"https:\/\/mauderli.ch\/fr\/large-echo-dans-la-presse-des-composants-en-bfup\/\">En savoir plus<\/a><\/p><\/div>\n<\/div><\/div>\n\n<div class=\"gb-grid-column gb-grid-column-3728e43a gb-query-loop-item post-3174 post type-post status-publish format-standard has-post-thumbnail hentry category-actualites\"><div class=\"gb-container gb-container-3728e43a\">\n<figure class=\"border__radius__15 feat__image__blog__grid wp-block-post-featured-image\"><a href=\"https:\/\/mauderli.ch\/fr\/prix-de-linnovation-ihz-2024-remporte\/\" target=\"_self\"  ><img decoding=\"async\" width=\"2560\" height=\"1707\" src=\"https:\/\/mauderli.ch\/wp-content\/uploads\/2024\/11\/Bild_1-1-scaled.jpg\" class=\"attachment-post-thumbnail size-post-thumbnail wp-post-image\" alt=\"Prix de l&rsquo;innovation IHZ 2024 remport\u00e9\" style=\"object-fit:cover;\" srcset=\"https:\/\/mauderli.ch\/wp-content\/uploads\/2024\/11\/Bild_1-1-scaled.jpg 2560w, https:\/\/mauderli.ch\/wp-content\/uploads\/2024\/11\/Bild_1-1-300x200.jpg 300w, https:\/\/mauderli.ch\/wp-content\/uploads\/2024\/11\/Bild_1-1-1024x683.jpg 1024w, https:\/\/mauderli.ch\/wp-content\/uploads\/2024\/11\/Bild_1-1-768x512.jpg 768w, https:\/\/mauderli.ch\/wp-content\/uploads\/2024\/11\/Bild_1-1-1536x1024.jpg 1536w, https:\/\/mauderli.ch\/wp-content\/uploads\/2024\/11\/Bild_1-1-2048x1366.jpg 2048w\" sizes=\"(max-width: 2560px) 100vw, 2560px\" \/><\/a><\/figure>\n\n<h3 style=\"font-size:20px;\" class=\"adjust__title post_title wp-block-post-title\"><a href=\"https:\/\/mauderli.ch\/fr\/prix-de-linnovation-ihz-2024-remporte\/\" target=\"_self\" >Prix de l&rsquo;innovation IHZ 2024 remport\u00e9<\/a><\/h3>\n\n<div style=\"font-size:20px;\" class=\"make__it__button wp-block-post-excerpt\"><p class=\"wp-block-post-excerpt__excerpt\">La soci\u00e9t\u00e9 MAUDERLI AG remporte le prix de l&rsquo;innovation 2024 de la Chambre de commerce et d&rsquo;industrie de Suisse centrale (IHZ). Avec\u2026<\/p><p class=\"wp-block-post-excerpt__more-text\"><a class=\"wp-block-post-excerpt__more-link\" href=\"https:\/\/mauderli.ch\/fr\/prix-de-linnovation-ihz-2024-remporte\/\">En savoir plus<\/a><\/p><\/div>\n<\/div><\/div>\n\n<div class=\"gb-grid-column gb-grid-column-3728e43a gb-query-loop-item post-3183 post type-post status-publish format-standard has-post-thumbnail hentry category-actualites\"><div class=\"gb-container gb-container-3728e43a\">\n<figure class=\"border__radius__15 feat__image__blog__grid wp-block-post-featured-image\"><a href=\"https:\/\/mauderli.ch\/fr\/renovation-des-aires-de-stationnement-de-laeroport-de-zurich\/\" target=\"_self\"  ><img decoding=\"async\" width=\"2560\" height=\"1707\" src=\"https:\/\/mauderli.ch\/wp-content\/uploads\/2024\/09\/Unknown-1-3-scaled.jpeg\" class=\"attachment-post-thumbnail size-post-thumbnail wp-post-image\" alt=\"R\u00e9novation des aires de stationnement de l&rsquo;a\u00e9roport de Zurich\" style=\"object-fit:cover;\" srcset=\"https:\/\/mauderli.ch\/wp-content\/uploads\/2024\/09\/Unknown-1-3-scaled.jpeg 2560w, https:\/\/mauderli.ch\/wp-content\/uploads\/2024\/09\/Unknown-1-3-300x200.jpeg 300w, https:\/\/mauderli.ch\/wp-content\/uploads\/2024\/09\/Unknown-1-3-1024x683.jpeg 1024w, https:\/\/mauderli.ch\/wp-content\/uploads\/2024\/09\/Unknown-1-3-768x512.jpeg 768w, https:\/\/mauderli.ch\/wp-content\/uploads\/2024\/09\/Unknown-1-3-1536x1024.jpeg 1536w, https:\/\/mauderli.ch\/wp-content\/uploads\/2024\/09\/Unknown-1-3-2048x1366.jpeg 2048w\" sizes=\"(max-width: 2560px) 100vw, 2560px\" \/><\/a><\/figure>\n\n<h3 style=\"font-size:20px;\" class=\"adjust__title post_title wp-block-post-title\"><a href=\"https:\/\/mauderli.ch\/fr\/renovation-des-aires-de-stationnement-de-laeroport-de-zurich\/\" target=\"_self\" >R\u00e9novation des aires de stationnement de l&rsquo;a\u00e9roport de Zurich<\/a><\/h3>\n\n<div style=\"font-size:20px;\" class=\"make__it__button wp-block-post-excerpt\"><p class=\"wp-block-post-excerpt__excerpt\">Production de caniveaux \u00e0 fente tr\u00e8s r\u00e9sistants avec structure antid\u00e9rapante. Les nouveaux postes de stationnement T50 et aires de service de l&rsquo;a\u00e9roport\u2026<\/p><p class=\"wp-block-post-excerpt__more-text\"><a class=\"wp-block-post-excerpt__more-link\" href=\"https:\/\/mauderli.ch\/fr\/renovation-des-aires-de-stationnement-de-laeroport-de-zurich\/\">En savoir plus<\/a><\/p><\/div>\n<\/div><\/div>\n\n<div class=\"gb-grid-column gb-grid-column-3728e43a gb-query-loop-item post-3033 post type-post status-publish format-standard has-post-thumbnail hentry category-actualites\"><div class=\"gb-container gb-container-3728e43a\">\n<figure class=\"border__radius__15 feat__image__blog__grid wp-block-post-featured-image\"><a href=\"https:\/\/mauderli.ch\/fr\/tunnel-de-base-du-brenner\/\" target=\"_self\"  ><img decoding=\"async\" width=\"2560\" height=\"1921\" src=\"https:\/\/mauderli.ch\/wp-content\/uploads\/2024\/09\/sRGB_2024-08-20-10_10_05-scaled.jpg\" class=\"attachment-post-thumbnail size-post-thumbnail wp-post-image\" alt=\"Tunnel de base du Brenner\" style=\"object-fit:cover;\" srcset=\"https:\/\/mauderli.ch\/wp-content\/uploads\/2024\/09\/sRGB_2024-08-20-10_10_05-scaled.jpg 2560w, https:\/\/mauderli.ch\/wp-content\/uploads\/2024\/09\/sRGB_2024-08-20-10_10_05-300x225.jpg 300w, https:\/\/mauderli.ch\/wp-content\/uploads\/2024\/09\/sRGB_2024-08-20-10_10_05-1024x769.jpg 1024w, https:\/\/mauderli.ch\/wp-content\/uploads\/2024\/09\/sRGB_2024-08-20-10_10_05-768x576.jpg 768w, https:\/\/mauderli.ch\/wp-content\/uploads\/2024\/09\/sRGB_2024-08-20-10_10_05-1536x1153.jpg 1536w, https:\/\/mauderli.ch\/wp-content\/uploads\/2024\/09\/sRGB_2024-08-20-10_10_05-2048x1537.jpg 2048w\" sizes=\"(max-width: 2560px) 100vw, 2560px\" \/><\/a><\/figure>\n\n<h3 style=\"font-size:20px;\" class=\"adjust__title post_title wp-block-post-title\"><a href=\"https:\/\/mauderli.ch\/fr\/tunnel-de-base-du-brenner\/\" target=\"_self\" >Tunnel de base du Brenner<\/a><\/h3>\n\n<div style=\"font-size:20px;\" class=\"make__it__button wp-block-post-excerpt\"><p class=\"wp-block-post-excerpt__excerpt\">Premiers regards BFUP MAUDERLI install\u00e9s en Autriche. En tant que fournisseur de syst\u00e8mes, MAUDERLI SA a su convaincre les constructeurs du tunnel\u2026<\/p><p class=\"wp-block-post-excerpt__more-text\"><a class=\"wp-block-post-excerpt__more-link\" href=\"https:\/\/mauderli.ch\/fr\/tunnel-de-base-du-brenner\/\">En savoir plus<\/a><\/p><\/div>\n<\/div><\/div>\n\n<div class=\"gb-grid-column gb-grid-column-3728e43a gb-query-loop-item post-3046 post type-post status-publish format-standard has-post-thumbnail hentry category-actualites\"><div class=\"gb-container gb-container-3728e43a\">\n<figure class=\"border__radius__15 feat__image__blog__grid wp-block-post-featured-image\"><a href=\"https:\/\/mauderli.ch\/fr\/confinement-de-schwamendingen\/\" target=\"_self\"  ><img decoding=\"async\" width=\"2560\" height=\"1707\" src=\"https:\/\/mauderli.ch\/wp-content\/uploads\/2024\/09\/A4A6584_1-1-scaled.jpg\" class=\"attachment-post-thumbnail size-post-thumbnail wp-post-image\" alt=\"Confinement de Schwamendingen\" style=\"object-fit:cover;\" srcset=\"https:\/\/mauderli.ch\/wp-content\/uploads\/2024\/09\/A4A6584_1-1-scaled.jpg 2560w, https:\/\/mauderli.ch\/wp-content\/uploads\/2024\/09\/A4A6584_1-1-300x200.jpg 300w, https:\/\/mauderli.ch\/wp-content\/uploads\/2024\/09\/A4A6584_1-1-1024x683.jpg 1024w, https:\/\/mauderli.ch\/wp-content\/uploads\/2024\/09\/A4A6584_1-1-768x512.jpg 768w, https:\/\/mauderli.ch\/wp-content\/uploads\/2024\/09\/A4A6584_1-1-1536x1024.jpg 1536w, https:\/\/mauderli.ch\/wp-content\/uploads\/2024\/09\/A4A6584_1-1-2048x1365.jpg 2048w\" sizes=\"(max-width: 2560px) 100vw, 2560px\" \/><\/a><\/figure>\n\n<h3 style=\"font-size:20px;\" class=\"adjust__title post_title wp-block-post-title\"><a href=\"https:\/\/mauderli.ch\/fr\/confinement-de-schwamendingen\/\" target=\"_self\" >Confinement de Schwamendingen<\/a><\/h3>\n\n<div style=\"font-size:20px;\" class=\"make__it__button wp-block-post-excerpt\"><p class=\"wp-block-post-excerpt__excerpt\">Tuyaux et regards fournis au consortium EHS. L&rsquo;encaissement de Schwamendingen est un projet routier important \u00e0 Zurich, r\u00e9alis\u00e9 entre 2019 et 2024.\u2026<\/p><p class=\"wp-block-post-excerpt__more-text\"><a class=\"wp-block-post-excerpt__more-link\" href=\"https:\/\/mauderli.ch\/fr\/confinement-de-schwamendingen\/\">En savoir plus<\/a><\/p><\/div>\n<\/div><\/div>\n<\/div>\n\n<\/div>\n<\/div>","protected":false},"excerpt":{"rendered":"<p>Des nouvelles de MAUDERLI<\/p>\n","protected":false},"author":1,"featured_media":0,"parent":0,"menu_order":0,"comment_status":"closed","ping_status":"closed","template":"","meta":{"_acf_changed":false,"inline_featured_image":false,"footnotes":""},"class_list":["post-3197","page","type-page","status-publish"],"acf":[],"_links":{"self":[{"href":"https:\/\/mauderli.ch\/fr\/wp-json\/wp\/v2\/pages\/3197","targetHints":{"allow":["GET"]}}],"collection":[{"href":"https:\/\/mauderli.ch\/fr\/wp-json\/wp\/v2\/pages"}],"about":[{"href":"https:\/\/mauderli.ch\/fr\/wp-json\/wp\/v2\/types\/page"}],"author":[{"embeddable":true,"href":"https:\/\/mauderli.ch\/fr\/wp-json\/wp\/v2\/users\/1"}],"replies":[{"embeddable":true,"href":"https:\/\/mauderli.ch\/fr\/wp-json\/wp\/v2\/comments?post=3197"}],"version-history":[{"count":3,"href":"https:\/\/mauderli.ch\/fr\/wp-json\/wp\/v2\/pages\/3197\/revisions"}],"predecessor-version":[{"id":3747,"href":"https:\/\/mauderli.ch\/fr\/wp-json\/wp\/v2\/pages\/3197\/revisions\/3747"}],"wp:attachment":[{"href":"https:\/\/mauderli.ch\/fr\/wp-json\/wp\/v2\/media?parent=3197"}],"curies":[{"name":"wp","href":"https:\/\/api.w.org\/{rel}","templated":true}]}}